{"id":1082,"date":"2017-02-21T16:56:45","date_gmt":"2017-02-21T15:56:45","guid":{"rendered":"http:\/\/regatyyoutuberow.roza.pl\/?page_id=1082"},"modified":"2024-04-04T17:17:03","modified_gmt":"2024-04-04T15:17:03","slug":"aktualnosci","status":"publish","type":"page","link":"https:\/\/regatyinfluencerow.roza.pl\/index.php\/aktualnosci\/","title":{"rendered":"Aktualno\u015bci"},"content":{"rendered":"<div class=\"_5wd4 _1nc7 direction_ltr _2cnu\">\n<div class=\"_h8t\">\n<div>\n<div class=\"content\" tabindex=\"0\" aria-description=\"\">\n<div class=\"ac-container ac-adaptiveCard\">\n<p>\u00a004.0402024<\/p>\n<h2 data-sourcepos=\"1:1-1:63\"><strong>Influencerzy zapraszaj\u0105 Influencer\u00f3w na regaty dla Influencer\u00f3w ;)!<\/strong><\/h2>\n<div class=\"content\" tabindex=\"0\" aria-description=\"\">\n<div class=\"ac-container ac-adaptiveCard\">\n<div class=\"ac-textBlock\">\n<p>Niezwykle sympatyczne zaproszenia od znanych i lubianych tw\u00f3rc\u00f3w: Micha z Mi\u0142o\u015bnik\u00f3w Czterech K\u00f3\u0142ek, Dee Jay Pallaside&#8217;a i Cyber Mariana.<\/p>\n<\/div>\n<\/div>\n<\/div>\n<p><iframe loading=\"lazy\" title=\"YouTube video player\" src=\"https:\/\/www.youtube.com\/embed\/V2yVZ5VGoOs?si=8kaQrRc62UJn6P5i\" width=\"560\" height=\"315\" frameborder=\"0\" allowfullscreen=\"allowfullscreen\"><\/iframe><br \/>\n18.03.2024<\/p>\n<h2 data-sourcepos=\"1:1-1:63\"><strong>Rekrutacja skiper\u00f3w na regaty &#8217;24 &#8211; start!<\/strong><\/h2>\n<div class=\"content\" tabindex=\"0\" aria-description=\"\">\n<div class=\"ac-container ac-adaptiveCard\">\n<div class=\"ac-textBlock\">\n<p>R\u00f3\u017ca Wiatr\u00f3w, z dum\u0105 pe\u0142ni\u0105ca rol\u0119 organizatora Regat Influencer\u00f3w, og\u0142asza start rekrutacji sternik\u00f3w na nadchodz\u0105ce wydarzenie \u017ceglarskie roku.<\/p>\n<p>To wyj\u0105tkowa okazja dla do\u015bwiadczonych skipper\u00f3w, kt\u00f3rzy ju\u017c wcze\u015bniej sprawdzili si\u0119 w roli sternik\u00f3w podczas naszych imprez w sezonie, by wzi\u0105\u0107 udzia\u0142 w tej presti\u017cowej imprezie.<\/p>\n<p><strong>Przywilej startowania jako skipper<\/strong> przys\u0142uguje tym, kt\u00f3rzy swoj\u0105 pasj\u0105, umiej\u0119tno\u015bciami i zaanga\u017cowaniem udowodnili, \u017ce s\u0105 gotowi poprowadzi\u0107 swoje za\u0142ogi przez fale wyzwa\u0144 i emocji na naszych obozach i rejsach. Je\u015bli czujesz, \u017ce jeste\u015b jednym z nich \u2013 nie zwlekaj, wy\u015blij swoje zg\u0142oszenie<a href=\"https:\/\/regatyinfluencerow.roza.pl\/index.php\/formularz-zgloszeniowy-skiper\/\"> &gt;klikaj\u0105c tutaj&lt;<\/a><\/p>\n<p><strong>Zach\u0119camy do zg\u0142aszania si\u0119!<\/strong> Ka\u017cde zg\u0142oszenie zostanie przez nas rozpatrzone, a ka\u017cdy kandydat otrzyma odpowied\u017a, niezale\u017cnie od wyniku selekcji.<\/p>\n<p><strong>O Regatach Influencer\u00f3w:<\/strong><\/p>\n<ul>\n<li><strong>Data:<\/strong> W tym roku \u017cagle rozwiniemy w dniach 24-26 maja.<\/li>\n<li><strong>Program:<\/strong> Przygotowali\u015bmy szereg atrakcji, zar\u00f3wno na wodzie, jak i na l\u0105dzie, gwarantuj\u0105c niezapomniane wra\u017cenia i moc rywalizacji. <a href=\"https:\/\/regatyinfluencerow.roza.pl\/index.php\/regaty-influencerow-2024\/\">&gt;szczeg\u00f3\u0142y&lt;<\/a><\/li>\n<li><strong>Atmosfera:<\/strong> Regaty to nie tylko sportowa rywalizacja, ale r\u00f3wnie\u017c doskona\u0142a okazja do nawi\u0105zania nowych znajomo\u015bci, wymiany do\u015bwiadcze\u0144 i wsp\u00f3lnej zabawy w gronie influencer\u00f3w i entuzjast\u00f3w \u017ceglarstwa.<\/li>\n<\/ul>\n<p>Nie przegap szansy bycia cz\u0119\u015bci\u0105 tego wyj\u0105tkowego wydarzenia. Czekamy na Wasze <a href=\"https:\/\/regatyinfluencerow.roza.pl\/index.php\/formularz-zgloszeniowy-skiper\/\">zg\u0142oszenia<\/a>!<\/p>\n<hr \/>\n<\/div>\n<\/div>\n<\/div>\n<p>08.03.2024<\/p>\n<\/div>\n<\/div>\n<h2 data-sourcepos=\"1:1-1:63\"><strong>Burmistrz W\u0119gorzewa obj\u0105\u0142 patronatem nasze wydarzenie!<\/strong><\/h2>\n<div class=\"content\" tabindex=\"0\" aria-description=\"\">\n<div class=\"ac-container ac-adaptiveCard\">\n<div class=\"ac-textBlock\">\n<p><img loading=\"lazy\" decoding=\"async\" class=\"alignleft wp-image-3718 size-medium\" src=\"https:\/\/regatyinfluencerow.roza.pl\/wp-content\/uploads\/2024\/03\/35ad95dc-78d8-414e-8598-324973f741fb-2-300x213.jpg\" alt=\"Wydarzenie zosta\u0142o obj\u0119te patronatem Burmistrza W\u0119gorzewa\" width=\"300\" height=\"213\" srcset=\"https:\/\/regatyinfluencerow.roza.pl\/wp-content\/uploads\/2024\/03\/35ad95dc-78d8-414e-8598-324973f741fb-2-300x213.jpg 300w, https:\/\/regatyinfluencerow.roza.pl\/wp-content\/uploads\/2024\/03\/35ad95dc-78d8-414e-8598-324973f741fb-2-1024x726.jpg 1024w, https:\/\/regatyinfluencerow.roza.pl\/wp-content\/uploads\/2024\/03\/35ad95dc-78d8-414e-8598-324973f741fb-2-768x545.jpg 768w, https:\/\/regatyinfluencerow.roza.pl\/wp-content\/uploads\/2024\/03\/35ad95dc-78d8-414e-8598-324973f741fb-2-1536x1090.jpg 1536w, https:\/\/regatyinfluencerow.roza.pl\/wp-content\/uploads\/2024\/03\/35ad95dc-78d8-414e-8598-324973f741fb-2-206x146.jpg 206w, https:\/\/regatyinfluencerow.roza.pl\/wp-content\/uploads\/2024\/03\/35ad95dc-78d8-414e-8598-324973f741fb-2-50x35.jpg 50w, https:\/\/regatyinfluencerow.roza.pl\/wp-content\/uploads\/2024\/03\/35ad95dc-78d8-414e-8598-324973f741fb-2-106x75.jpg 106w, https:\/\/regatyinfluencerow.roza.pl\/wp-content\/uploads\/2024\/03\/35ad95dc-78d8-414e-8598-324973f741fb-2.jpg 1748w\" sizes=\"auto, (max-width: 300px) 100vw, 300px\" \/><strong>VIII \u017beglarskie Mistrzostwa Polski Influencer\u00f3w o Puchar R\u00f3\u017cy Wiatr\u00f3w zosta\u0142y one obj\u0119te patronatem Burmistrza W\u0119gorzewa, <\/strong>co stanowi niezwyk\u0142e wyr\u00f3\u017cnienie honorowe.<\/p>\n<p>Patronat Burmistrza W\u0119gorzewa jest znakiem uznania dla wydarze\u0144 bezpo\u015brednio zwi\u0105zanych z promocj\u0105, rozwojem i funkcjonowaniem miasta i gminy. Mo\u017ce on by\u0107 przyznany wydarzeniom o zasi\u0119gu mi\u0119dzynarodowym, og\u00f3lnopolskim, ponadregionalnym oraz lokalnym, kt\u00f3rych realizacja s\u0142u\u017cy promocji lub kreowaniu pozytywnego wizerunku miasta i gminy.<\/p>\n<p>Warto zatem zaznaczy\u0107, \u017ce Regaty Influencer\u00f3w nie tylko przyci\u0105gn\u0105 uwag\u0119 z ca\u0142ego kraju, ale tak\u017ce b\u0119d\u0105 promowa\u0107 pi\u0119kno i atrakcje W\u0119gorzewa. To doskona\u0142a okazja, by podziwia\u0107 nie tylko sportowe zmagania, ale tak\u017ce urokliwe krajobrazy tego regionu.<\/p>\n<p>Nie pozostaje wi\u0119c nic innego, jak tylko odlicza\u0107 dni do tych wyj\u0105tkowych regat, kt\u00f3re nie tylko dostarcz\u0105 emocji, ale tak\u017ce przyczyni\u0105 si\u0119 do promocji miasta i gminy W\u0119gorzewo na szerok\u0105 skal\u0119.<\/p>\n<div class=\"content\" tabindex=\"0\" aria-description=\"\">\n<div class=\"ac-container ac-adaptiveCard\">\n<div class=\"ac-textBlock\">\n<hr \/>\n<\/div>\n<p>&nbsp;<\/p>\n<\/div>\n<\/div>\n<\/div>\n<\/div>\n<\/div>\n<p>20.02.2024<\/p>\n<h2 data-sourcepos=\"1:1-1:63\"><strong>Uwaga! Mamy kolejnych partner\u00f3w Regat Influencer\u00f3w 2024!<\/strong><\/h2>\n<p data-sourcepos=\"3:1-3:99\">Z ogromn\u0105 rado\u015bci\u0105 informujemy, \u017ce do grona partner\u00f3w Regat Influencer\u00f3w 2024 do\u0142\u0105czy\u0142y dwie firmy:<\/p>\n<ul data-sourcepos=\"5:1-7:0\">\n<li data-sourcepos=\"5:1-5:136\"><strong>M4K Garage<\/strong>\u00a0&#8211; firma naszego kolegi Micha\u0142a z kana\u0142u &#8220;Mi\u0142o\u015bnicy 4 k\u00f3\u0142ek&#8221;, kt\u00f3ra specjalizuje si\u0119 w kompleksowej obs\u0142udze samochod\u00f3w.<\/li>\n<li data-sourcepos=\"6:1-7:0\"><strong>CK Complex<\/strong> &#8211; znana Wam jako zesz\u0142oroczny partner prezentuj\u0105cy mark\u0119 SMOK<\/li>\n<\/ul>\n<p data-sourcepos=\"8:1-8:55\"><strong>Serdecznie dzi\u0119kujemy naszym partnerom za wsparcie!<\/strong><\/p>\n<p data-sourcepos=\"16:1-16:28\"><strong>Do zobaczenia na wodzie!<\/strong><\/p>\n<p>02.07.2023<\/p>\n<h3>Zaproszenie na VIII edycj\u0119 Regat Influencer\u00f3w<\/h3>\n<p><img loading=\"lazy\" decoding=\"async\" class=\"alignleft wp-image-3694 size-medium\" src=\"https:\/\/regatyinfluencerow.roza.pl\/wp-content\/uploads\/2024\/02\/obraz_2024-02-22_130230341-300x300.png\" alt=\"\" width=\"300\" height=\"300\" srcset=\"https:\/\/regatyinfluencerow.roza.pl\/wp-content\/uploads\/2024\/02\/obraz_2024-02-22_130230341-300x300.png 300w, https:\/\/regatyinfluencerow.roza.pl\/wp-content\/uploads\/2024\/02\/obraz_2024-02-22_130230341-150x150.png 150w, https:\/\/regatyinfluencerow.roza.pl\/wp-content\/uploads\/2024\/02\/obraz_2024-02-22_130230341-768x768.png 768w, https:\/\/regatyinfluencerow.roza.pl\/wp-content\/uploads\/2024\/02\/obraz_2024-02-22_130230341-146x146.png 146w, https:\/\/regatyinfluencerow.roza.pl\/wp-content\/uploads\/2024\/02\/obraz_2024-02-22_130230341-50x50.png 50w, https:\/\/regatyinfluencerow.roza.pl\/wp-content\/uploads\/2024\/02\/obraz_2024-02-22_130230341-75x75.png 75w, https:\/\/regatyinfluencerow.roza.pl\/wp-content\/uploads\/2024\/02\/obraz_2024-02-22_130230341-85x85.png 85w, https:\/\/regatyinfluencerow.roza.pl\/wp-content\/uploads\/2024\/02\/obraz_2024-02-22_130230341-80x80.png 80w, https:\/\/regatyinfluencerow.roza.pl\/wp-content\/uploads\/2024\/02\/obraz_2024-02-22_130230341.png 1024w\" sizes=\"auto, (max-width: 300px) 100vw, 300px\" \/>Czy jeste\u015b gotowy na kolejn\u0105 przygod\u0119 na wodzie? Je\u015bli tak, to mamy dla ciebie dobr\u0105 wiadomo\u015b\u0107! Ju\u017c w dniach\u00a0<strong>24-26 maja 2024<\/strong>\u00a0odb\u0119dzie si\u0119 VIII edycja \u017beglarskich Mistrzostw Polski Influencer\u00f3w o puchar R\u00f3\u017cy Wiatr\u00f3w. To wyj\u0105tkowa okazja, aby spotka\u0107 si\u0119 z innymi tw\u00f3rcami, zmierzy\u0107 si\u0119 w sportowej rywalizacji i dobrze si\u0119 bawi\u0107.<\/p>\n<p>W tym roku Regaty odb\u0119d\u0105 si\u0119 w malowniczym\u00a0<strong>W\u0119gorzewie<\/strong>, w o\u015brodku\u00a0<strong>R\u00f3\u017ca Wiatr\u00f3w<\/strong>. To idealne miejsce, aby poczu\u0107 \u017ceglarski klimat i podziwia\u0107 pi\u0119kno Mazur. Na uczestnik\u00f3w czeka wiele atrakcji, takich jak warsztaty, gry, konkursy, imprezy integracyjne i oczywi\u015bcie \u017ceglowanie!<\/p>\n<p>Serdecznie zapraszamy wszystkich dotychczasowych uczestnik\u00f3w Regat, kt\u00f3rzy w poprzednich latach pokazali swoje umiej\u0119tno\u015bci i pasj\u0119 do \u017ceglarstwa. Nie mo\u017cemy si\u0119 doczeka\u0107, aby zobaczy\u0107 was ponownie i wsp\u00f3lnie stworzy\u0107 niezapomniane wspomnienia.<\/p>\n<p>Do zobaczenia na wodzie!<\/p>\n<p>02.04.2023<\/p>\n<h3>Pierwsi zapisani zawodnicy \ud83d\ude42<\/h3>\n<p>Z przyjemno\u015bci\u0105 informujemy, \u017ce pierwszymi zapisanymi uczestnikami tegorocznych Regat Influencer\u00f3w s\u0105 Michu z kana\u0142u Mi\u0142o\u015bnicy 4 k\u00f3\u0142ek, kpt Alien, Dee Jay Pallaside, Luure, Worot, Cybermarian, \u015amiechawa.TV, Bunkrowo.pl oraz Sou Shibo. S\u0105 to znani i lubiani tw\u00f3rcy z YouTube, Instagrama i TokToka, kt\u00f3rzy spotkaj\u0105 si\u0119 na wodach jeziora \u015awi\u0119cajty, by wzi\u0105\u0107 udzia\u0142 w tegorocznych regatach.<\/p>\n<p>Regaty Influencer\u00f3w to wyj\u0105tkowe wydarzenie, kt\u00f3re wzbudza ogromne zainteresowanie w\u015br\u00f3d fan\u00f3w i uczestnik\u00f3w. W poprzednich edycjach liczba os\u00f3b bior\u0105cych udzia\u0142 w regatach przekracza\u0142a 50, a w tym roku spodziewamy si\u0119 jeszcze wi\u0119kszej frekwencji.<\/p>\n<p>Cieszymy si\u0119, \u017ce ju\u017c teraz mamy tak znakomitych uczestnik\u00f3w i z niecierpliwo\u015bci\u0105 czekamy na kolejne zapisy i zapowiedzi kolejnych gwiazd, kt\u00f3re do\u0142\u0105cz\u0105 do grona rywalizuj\u0105cych o zwyci\u0119stwo na wodzie.<\/p>\n<hr \/>\n<p><img loading=\"lazy\" decoding=\"async\" class=\"wp-image-2359 alignleft\" src=\"https:\/\/regatyinfluencerow.roza.pl\/wp-content\/uploads\/2019\/05\/milosnicy-300x300.png\" alt=\"\" width=\"150\" height=\"150\" srcset=\"https:\/\/regatyinfluencerow.roza.pl\/wp-content\/uploads\/2019\/05\/milosnicy-300x300.png 300w, https:\/\/regatyinfluencerow.roza.pl\/wp-content\/uploads\/2019\/05\/milosnicy-150x150.png 150w, https:\/\/regatyinfluencerow.roza.pl\/wp-content\/uploads\/2019\/05\/milosnicy-146x146.png 146w, https:\/\/regatyinfluencerow.roza.pl\/wp-content\/uploads\/2019\/05\/milosnicy-50x50.png 50w, https:\/\/regatyinfluencerow.roza.pl\/wp-content\/uploads\/2019\/05\/milosnicy-75x75.png 75w, https:\/\/regatyinfluencerow.roza.pl\/wp-content\/uploads\/2019\/05\/milosnicy-85x85.png 85w, https:\/\/regatyinfluencerow.roza.pl\/wp-content\/uploads\/2019\/05\/milosnicy-80x80.png 80w, https:\/\/regatyinfluencerow.roza.pl\/wp-content\/uploads\/2019\/05\/milosnicy.png 700w\" sizes=\"auto, (max-width: 150px) 100vw, 150px\" \/><\/p>\n<p><img loading=\"lazy\" decoding=\"async\" class=\"wp-image-2362 alignleft\" src=\"https:\/\/regatyinfluencerow.roza.pl\/wp-content\/uploads\/2019\/05\/bunkrowo-300x300.png\" alt=\"\" width=\"150\" height=\"150\" srcset=\"https:\/\/regatyinfluencerow.roza.pl\/wp-content\/uploads\/2019\/05\/bunkrowo-300x300.png 300w, https:\/\/regatyinfluencerow.roza.pl\/wp-content\/uploads\/2019\/05\/bunkrowo-150x150.png 150w, https:\/\/regatyinfluencerow.roza.pl\/wp-content\/uploads\/2019\/05\/bunkrowo-146x146.png 146w, https:\/\/regatyinfluencerow.roza.pl\/wp-content\/uploads\/2019\/05\/bunkrowo-50x50.png 50w, https:\/\/regatyinfluencerow.roza.pl\/wp-content\/uploads\/2019\/05\/bunkrowo-75x75.png 75w, https:\/\/regatyinfluencerow.roza.pl\/wp-content\/uploads\/2019\/05\/bunkrowo-85x85.png 85w, https:\/\/regatyinfluencerow.roza.pl\/wp-content\/uploads\/2019\/05\/bunkrowo-80x80.png 80w, https:\/\/regatyinfluencerow.roza.pl\/wp-content\/uploads\/2019\/05\/bunkrowo.png 700w\" sizes=\"auto, (max-width: 150px) 100vw, 150px\" \/> <img loading=\"lazy\" decoding=\"async\" class=\"wp-image-1829 alignleft\" src=\"https:\/\/regatyinfluencerow.roza.pl\/wp-content\/uploads\/2018\/05\/Worot-300x300.png\" alt=\"\" width=\"150\" height=\"150\" srcset=\"https:\/\/regatyinfluencerow.roza.pl\/wp-content\/uploads\/2018\/05\/Worot-300x300.png 300w, https:\/\/regatyinfluencerow.roza.pl\/wp-content\/uploads\/2018\/05\/Worot-150x150.png 150w, https:\/\/regatyinfluencerow.roza.pl\/wp-content\/uploads\/2018\/05\/Worot-146x146.png 146w, https:\/\/regatyinfluencerow.roza.pl\/wp-content\/uploads\/2018\/05\/Worot-50x50.png 50w, https:\/\/regatyinfluencerow.roza.pl\/wp-content\/uploads\/2018\/05\/Worot-75x75.png 75w, https:\/\/regatyinfluencerow.roza.pl\/wp-content\/uploads\/2018\/05\/Worot-85x85.png 85w, https:\/\/regatyinfluencerow.roza.pl\/wp-content\/uploads\/2018\/05\/Worot-80x80.png 80w, https:\/\/regatyinfluencerow.roza.pl\/wp-content\/uploads\/2018\/05\/Worot.png 700w\" sizes=\"auto, (max-width: 150px) 100vw, 150px\" \/> <img loading=\"lazy\" decoding=\"async\" class=\"wp-image-1825 alignleft\" src=\"https:\/\/regatyinfluencerow.roza.pl\/wp-content\/uploads\/2018\/05\/Soushibo-300x300.png\" alt=\"\" width=\"150\" height=\"150\" srcset=\"https:\/\/regatyinfluencerow.roza.pl\/wp-content\/uploads\/2018\/05\/Soushibo-300x300.png 300w, https:\/\/regatyinfluencerow.roza.pl\/wp-content\/uploads\/2018\/05\/Soushibo-150x150.png 150w, https:\/\/regatyinfluencerow.roza.pl\/wp-content\/uploads\/2018\/05\/Soushibo-146x146.png 146w, https:\/\/regatyinfluencerow.roza.pl\/wp-content\/uploads\/2018\/05\/Soushibo-50x50.png 50w, https:\/\/regatyinfluencerow.roza.pl\/wp-content\/uploads\/2018\/05\/Soushibo-75x75.png 75w, https:\/\/regatyinfluencerow.roza.pl\/wp-content\/uploads\/2018\/05\/Soushibo-85x85.png 85w, https:\/\/regatyinfluencerow.roza.pl\/wp-content\/uploads\/2018\/05\/Soushibo-80x80.png 80w, https:\/\/regatyinfluencerow.roza.pl\/wp-content\/uploads\/2018\/05\/Soushibo.png 700w\" sizes=\"auto, (max-width: 150px) 100vw, 150px\" \/> <img loading=\"lazy\" decoding=\"async\" class=\"wp-image-1816 alignleft\" src=\"https:\/\/regatyinfluencerow.roza.pl\/wp-content\/uploads\/2018\/05\/Lure-300x300.png\" alt=\"\" width=\"150\" height=\"150\" srcset=\"https:\/\/regatyinfluencerow.roza.pl\/wp-content\/uploads\/2018\/05\/Lure-300x300.png 300w, https:\/\/regatyinfluencerow.roza.pl\/wp-content\/uploads\/2018\/05\/Lure-150x150.png 150w, https:\/\/regatyinfluencerow.roza.pl\/wp-content\/uploads\/2018\/05\/Lure-146x146.png 146w, https:\/\/regatyinfluencerow.roza.pl\/wp-content\/uploads\/2018\/05\/Lure-50x50.png 50w, https:\/\/regatyinfluencerow.roza.pl\/wp-content\/uploads\/2018\/05\/Lure-75x75.png 75w, https:\/\/regatyinfluencerow.roza.pl\/wp-content\/uploads\/2018\/05\/Lure-85x85.png 85w, https:\/\/regatyinfluencerow.roza.pl\/wp-content\/uploads\/2018\/05\/Lure-80x80.png 80w, https:\/\/regatyinfluencerow.roza.pl\/wp-content\/uploads\/2018\/05\/Lure.png 700w\" sizes=\"auto, (max-width: 150px) 100vw, 150px\" \/> <img loading=\"lazy\" decoding=\"async\" class=\"wp-image-1810 alignleft\" src=\"https:\/\/regatyinfluencerow.roza.pl\/wp-content\/uploads\/2018\/05\/DeeJay-300x300.png\" alt=\"\" width=\"150\" height=\"150\" srcset=\"https:\/\/regatyinfluencerow.roza.pl\/wp-content\/uploads\/2018\/05\/DeeJay-300x300.png 300w, https:\/\/regatyinfluencerow.roza.pl\/wp-content\/uploads\/2018\/05\/DeeJay-150x150.png 150w, https:\/\/regatyinfluencerow.roza.pl\/wp-content\/uploads\/2018\/05\/DeeJay-146x146.png 146w, https:\/\/regatyinfluencerow.roza.pl\/wp-content\/uploads\/2018\/05\/DeeJay-50x50.png 50w, https:\/\/regatyinfluencerow.roza.pl\/wp-content\/uploads\/2018\/05\/DeeJay-75x75.png 75w, https:\/\/regatyinfluencerow.roza.pl\/wp-content\/uploads\/2018\/05\/DeeJay-85x85.png 85w, https:\/\/regatyinfluencerow.roza.pl\/wp-content\/uploads\/2018\/05\/DeeJay-80x80.png 80w, https:\/\/regatyinfluencerow.roza.pl\/wp-content\/uploads\/2018\/05\/DeeJay.png 700w\" sizes=\"auto, (max-width: 150px) 100vw, 150px\" \/> <img loading=\"lazy\" decoding=\"async\" class=\"wp-image-1401 alignleft\" src=\"https:\/\/regatyinfluencerow.roza.pl\/wp-content\/uploads\/2017\/03\/alien-300x300.png\" alt=\"\" width=\"150\" height=\"150\" srcset=\"https:\/\/regatyinfluencerow.roza.pl\/wp-content\/uploads\/2017\/03\/alien-300x300.png 300w, https:\/\/regatyinfluencerow.roza.pl\/wp-content\/uploads\/2017\/03\/alien-150x150.png 150w, https:\/\/regatyinfluencerow.roza.pl\/wp-content\/uploads\/2017\/03\/alien-146x146.png 146w, https:\/\/regatyinfluencerow.roza.pl\/wp-content\/uploads\/2017\/03\/alien-50x50.png 50w, https:\/\/regatyinfluencerow.roza.pl\/wp-content\/uploads\/2017\/03\/alien-75x75.png 75w, https:\/\/regatyinfluencerow.roza.pl\/wp-content\/uploads\/2017\/03\/alien-85x85.png 85w, https:\/\/regatyinfluencerow.roza.pl\/wp-content\/uploads\/2017\/03\/alien-80x80.png 80w, https:\/\/regatyinfluencerow.roza.pl\/wp-content\/uploads\/2017\/03\/alien.png 700w\" sizes=\"auto, (max-width: 150px) 100vw, 150px\" \/> <img loading=\"lazy\" decoding=\"async\" class=\"wp-image-224 size-thumbnail alignleft\" src=\"https:\/\/regatyinfluencerow.roza.pl\/wp-content\/uploads\/2016\/04\/smiechawa-150x150.png\" alt=\"\" width=\"150\" height=\"150\" srcset=\"https:\/\/regatyinfluencerow.roza.pl\/wp-content\/uploads\/2016\/04\/smiechawa-150x150.png 150w, https:\/\/regatyinfluencerow.roza.pl\/wp-content\/uploads\/2016\/04\/smiechawa-300x300.png 300w, https:\/\/regatyinfluencerow.roza.pl\/wp-content\/uploads\/2016\/04\/smiechawa-146x146.png 146w, https:\/\/regatyinfluencerow.roza.pl\/wp-content\/uploads\/2016\/04\/smiechawa-50x50.png 50w, https:\/\/regatyinfluencerow.roza.pl\/wp-content\/uploads\/2016\/04\/smiechawa-75x75.png 75w, https:\/\/regatyinfluencerow.roza.pl\/wp-content\/uploads\/2016\/04\/smiechawa-85x85.png 85w, https:\/\/regatyinfluencerow.roza.pl\/wp-content\/uploads\/2016\/04\/smiechawa-80x80.png 80w, https:\/\/regatyinfluencerow.roza.pl\/wp-content\/uploads\/2016\/04\/smiechawa.png 700w\" sizes=\"auto, (max-width: 150px) 100vw, 150px\" \/> <img loading=\"lazy\" decoding=\"async\" class=\"wp-image-203 alignleft\" src=\"https:\/\/regatyinfluencerow.roza.pl\/wp-content\/uploads\/2016\/04\/cyber-marian-300x300.png\" alt=\"\" width=\"150\" height=\"150\" srcset=\"https:\/\/regatyinfluencerow.roza.pl\/wp-content\/uploads\/2016\/04\/cyber-marian-300x300.png 300w, https:\/\/regatyinfluencerow.roza.pl\/wp-content\/uploads\/2016\/04\/cyber-marian-150x150.png 150w, https:\/\/regatyinfluencerow.roza.pl\/wp-content\/uploads\/2016\/04\/cyber-marian-146x146.png 146w, https:\/\/regatyinfluencerow.roza.pl\/wp-content\/uploads\/2016\/04\/cyber-marian-50x50.png 50w, https:\/\/regatyinfluencerow.roza.pl\/wp-content\/uploads\/2016\/04\/cyber-marian-75x75.png 75w, https:\/\/regatyinfluencerow.roza.pl\/wp-content\/uploads\/2016\/04\/cyber-marian-85x85.png 85w, https:\/\/regatyinfluencerow.roza.pl\/wp-content\/uploads\/2016\/04\/cyber-marian-80x80.png 80w, https:\/\/regatyinfluencerow.roza.pl\/wp-content\/uploads\/2016\/04\/cyber-marian.png 700w\" sizes=\"auto, (max-width: 150px) 100vw, 150px\" \/><\/p>\n<p>&nbsp;<\/p>\n<p>&nbsp;<\/p>\n<p>&nbsp;<\/p>\n<p>&nbsp;<\/p>\n<p>&nbsp;<\/p>\n<p>&nbsp;<\/p>\n<p>&nbsp;<\/p>\n<p>&nbsp;<\/p>\n<hr \/>\n<p>03.03.2023<\/p>\n<h3>Nowe otwarcie &#8211; nowe si\u0142y!<\/h3>\n<p>Z niezwyk\u0142\u0105 ekscytacj\u0105 lecimy do Was \u017ceby przedstawi\u0107 \u015bwietn\u0105 wiadomo\u015b\u0107!<br \/>\nDo grona partner\u00f3w Regat Influencer\u00f3w do\u0142\u0105czy\u0142 Micha\u0142 z kana\u0142u Mi\u0142o\u015bnicy 4 K\u00f3\u0142ek. Wraz ze swoj\u0105 sieci\u0105 warsztat\u00f3w M4K Garage b\u0119dzie w tym roku g\u0142\u00f3wnym sponsorem regat.<br \/>\nBardzo nas cieszy ta informacja, bo dob\u00f3r partner\u00f3w by\u0142 zawsze dla nas spraw\u0105 bardzo istotn\u0105! Poszukiwali\u015bmy ludzi otwartych na nasz pomys\u0142 i chc\u0105cych w\u0142\u0105czy\u0107 si\u0119 w jego organizacj\u0119. Daj\u0105cych pomys\u0142y i power do dzia\u0142ania. Takich, kt\u00f3rzy wnosili jak najwi\u0119cej do naszej imprezy i dawali jej jeszcze wi\u0119kszego kopa. Impreza towarzysz\u0105ca, atrakcje dla uczestnik\u00f3w, lub fan\u00f3w, podkr\u0119cenie na jeszcze wy\u017cszy poziom. Tego oczekujemy od partner\u00f3w i tego w\u0142a\u015bnie mo\u017cemy spodziewa\u0107 si\u0119 po wsp\u00f3\u0142pracy z Micha\u0142em i M4K Garage! Go\u015b\u0107 jest z nami od wielu edycji, zawsze aktywny jako uczestnik &#8211; uzna\u0142, \u017ce tak lubi nasz\u0105 imprez\u0119, \u017ce do\u0142\u0105czy ze swoim powerem!<br \/>\nWy te\u017c macie pow\u00f3d do rado\u015bci, bo taki partner zapowiada na prawd\u0119 fajne atrakcje podczas regat!!!<\/p>\n<p><img loading=\"lazy\" decoding=\"async\" class=\"aligncenter size-medium wp-image-3153\" src=\"https:\/\/regatyinfluencerow.roza.pl\/wp-content\/uploads\/2023\/03\/obraz_2023-03-07_175201040-300x200.png\" alt=\"\" width=\"300\" height=\"200\" srcset=\"https:\/\/regatyinfluencerow.roza.pl\/wp-content\/uploads\/2023\/03\/obraz_2023-03-07_175201040-300x200.png 300w, https:\/\/regatyinfluencerow.roza.pl\/wp-content\/uploads\/2023\/03\/obraz_2023-03-07_175201040-768x511.png 768w, https:\/\/regatyinfluencerow.roza.pl\/wp-content\/uploads\/2023\/03\/obraz_2023-03-07_175201040-220x146.png 220w, https:\/\/regatyinfluencerow.roza.pl\/wp-content\/uploads\/2023\/03\/obraz_2023-03-07_175201040-50x33.png 50w, https:\/\/regatyinfluencerow.roza.pl\/wp-content\/uploads\/2023\/03\/obraz_2023-03-07_175201040-113x75.png 113w, https:\/\/regatyinfluencerow.roza.pl\/wp-content\/uploads\/2023\/03\/obraz_2023-03-07_175201040.png 1024w\" sizes=\"auto, (max-width: 300px) 100vw, 300px\" \/><\/p>\n<p>28.02.2023<\/p>\n<h3>Regaty You&#8230; a czekaj, czekaj&#8230;<\/h3>\n<p>Nowe edycja &#8211; nowa formu\u0142a.<br \/>\nMusimy przyzna\u0107, \u017ce powr\u00f3t do organizacji regat przysporzy\u0142 nam wieeeeelu zagwozdek. Rynek polskich platform SM bardzo si\u0119 poszerzy\u0142 i zmieni\u0142. Nie mogli\u015bmy pozosta\u0107 oboj\u0119tni na te zmiany! Rozszerzamy zakres tw\u00f3rc\u00f3w o inne najpopularniejsze platformy jak Tik Tok i Instagram!<br \/>\nOd teraz zapraszamy Was na \u017beglarskie Mistrzostwa Polski INFLUENCER\u00d3W!<\/p>\n<p>15.02.2023<\/p>\n<h3>Zapad\u0142a decyzja o wznowieniu imprezy<\/h3>\n<p>Po zawirowaniach covidowych, zakazach, restrykcjach i innych takich powodach do przerwy zapad\u0142a decyzja o powrocie na scen\u0119 eventow\u0105 naszej kultowej pozycji! \ud83d\ude42<br \/>\nW kr\u00f3tce wi\u0119cej szczeg\u00f3\u0142\u00f3w, a szykuj\u0105 si\u0119 ciekawe zmiany. Du\u017ce zmiany, bo i na rynku medialnym od czasu pierwszej edycji bardzo wiele si\u0119 zmieni\u0142o.<br \/>\nZosta\u0144cie na nas\u0142uchu &#8211; powracamy do Was bardzo szybko ze \u015bwie\u017cymi wie\u015bciami!<\/p>\n<p>28.08.2020<\/p>\n<h3>Regaty Youtuber\u00f3w 2020 &#8211; czego si\u0119 spodziewa\u0107 w tym roku?<\/h3>\n<p>Jak wiecie bie\u017c\u0105cy rok wszystkim daje czadu. R\u00f3\u017ca Wiatr\u00f3w te\u017c nie wysz\u0142a bez szwanku, ale kto jak nie my b\u0119dzie walczy\u0142 do ko\u0144ca?! Nie uda\u0142o si\u0119 zrobi\u0107 regat w zaplanowanym terminie, ale postanowili\u015bmy \u017ce w ten czy inny spos\u00f3b, ale coroczne mistrzostwa nie mog\u0105 si\u0119 nie odby\u0107. Decyzja zapad\u0142a na miesi\u0105c przed imprez\u0105, wi\u0119c tegoroczna edycja b\u0119dzie ca\u0142kowicie odmienna od poprzednich. Nie mamy czasu na profesjonalne przygotowanie i huczn\u0105 opraw\u0119 jak zwykle. W tym roku skromnie, bez przytupu i w prywatnym gronie. Bez medi\u00f3w, bez sponsor\u00f3w, bez zad\u0119cia. Jedynym sponsorem jest R\u00f3\u017ca Wiatr\u00f3w, kt\u00f3ra daje za free \u0142\u00f3dki. W tym roku zamiast bankietu ognisko z kie\u0142baskami a muzyk\u0119 zapewni Szwagier z gitar\u0105.<\/p>\n<p><strong>Termin<\/strong><br \/>\nTermin nie jest do ko\u0144ca przypadkowy. Ju\u017c od 3 lat spotykamy si\u0119 w gronie zapalonych youtber\u00f3w &#8211; \u017ceglarzy we wrze\u015bniu, kiedy mo\u017cna liczy\u0107 na lepsze wiatry. Impreza ca\u0142kiem niemedialna &#8211; tylko dla radochy \ud83d\ude42 Tak te\u017c ma by\u0107 w tym roku. Przyje\u017cd\u017camy w pi\u0105tek i pakujemy si\u0119 na jachty. Kto ch\u0119tny mo\u017ce sobie wynaj\u0105\u0107 pok\u00f3j w naszym nowym hoteliku, lub domek. W sobot\u0119 regaty. Zak\u0142adamy maksymalnie 3 biegi, ale jak zawsze ostateczne plany sportowe zweryfikuje pogoda. Wieczorem ognisko lub grill (w zale\u017cno\u015bci od pogody) z kie\u0142baskami i bigosem. Podczas ogniska og\u0142oszenie wynik\u00f3w. W niedziel\u0119 zaj\u0119cia wg upodobania. Mo\u017cecie korzysta\u0107 z \u0142\u00f3dek, jak co to znajdzie si\u0119 kajak. W tym roku nie mo\u017cecie liczy\u0107 na media, sponsor\u00f3w, nagrody i dodatku sami musicie dorzuci\u0107 si\u0119 do kasy ale za to mo\u017cecie liczy\u0107 na spotkanie z przyjaci\u00f3\u0142mi na zako\u0144czenie sezonu, doskona\u0142\u0105 zabaw\u0119 i atmosfer\u0119 o kt\u00f3rej sami wiecie najlepiej \ud83d\ude42<\/p>\n<p>Zapraszamy Was bardzo serdecznie!<\/p>\n<p>Pod <a href=\"https:\/\/regatyyoutuberow.roza.pl\/index.php\/formularz-zgloszeniowy\/\">linkiem<\/a> macie formularz zg\u0142oszeniowy. Jak si\u0119 zdecydujecie to nie czekajcie z jego wype\u0142nieniem. Nie mamy poj\u0119cia ile os\u00f3b w takim terminie i w tej formie zechce nas zaszczyci\u0107, wi\u0119c jest dla nas wa\u017cne \u017ceby\u015bcie poprzysy\u0142ali te zg\u0142oszenia.<\/p>\n<p><strong>Pozdrawiamy i nie mo\u017cemy si\u0119 doczeka\u0107 Waszego przybycia!<\/strong><\/p>\n<p><strong>Za\u0142oga R\u00f3\u017cy Wiatr\u00f3w<\/strong><\/p>\n<p><a href=\"https:\/\/regatyyoutuberow.roza.pl\/index.php\/formularz-zgloszeniowy\/\">Formularz zg\u0142oszeniowy<\/a><br \/>\n<a href=\"https:\/\/regatyyoutuberow.roza.pl\/index.php\/regaty-youtuberow-2020\/\">Program<\/a><\/p>\n<hr \/>\n<p>24.08.2020<\/p>\n<h3>\u0141AMI\u0104CA WIADOMO\u015a\u0106!!!<\/h3>\n<p>W\u0142a\u015bnie zapad\u0142a decyzja: VI \u017beglarskie Mistrzostwa Polski Youtuber\u00f3w o Puchar R\u00f3\u017cy Wiatr\u00f3w odb\u0119d\u0105 si\u0119 w dniach 25 &#8211; 27 wrze\u015bnia 2020. Wi\u0119cej informacji ju\u017c niebawem!<\/p>\n<hr \/>\n<p>20.03.2020<\/p>\n<h3>Zmiana terminu regat 2020<\/h3>\n<p>W zwi\u0105zku z panuj\u0105c\u0105 epidemi\u0105 podj\u0119li\u015bmy decyzj\u0119 o rezygnacji z majowego terminu regat w tym roku.<br \/>\nBardzo trudno jest nam obecnie prognozowa\u0107 jak b\u0119dzie rozwija\u0142a si\u0119 sytuacja, zatem nie wiemy czy i kiedy uda si\u0119 w tym roku zorganizowa\u0107 imprez\u0119. Dostajemy wiele sygna\u0142\u00f3w, \u017ce bardzo czekacie na kolejn\u0105 edycj\u0119 i nie wyobra\u017cacie sobie lata bez Mazur. My r\u00f3wnie\u017c t\u0119sknimy za Youtuberami i na pewno b\u0119dziemy si\u0119 bardzo stara\u0107 \u017ceby\u015bmy zobaczyli si\u0119 jeszcze w tym roku!<br \/>\nB\u0119dziemy informowa\u0107!<\/p>\n<hr \/>\n<p>18.02.2020<\/p>\n<h3>Znamy termin VI edycji \u017beglarskich Mistrzostw Polski YouTuber\u00f3w o puchar R\u00f3\u017cy Wiatr\u00f3w 2020!<\/h3>\n<p>Tegoroczne zmagania za\u0142\u00f3g b\u0119d\u0105 mia\u0142y miejsce w dniach 22-24.05.2020<\/p>\n<hr \/>\n<p>01.06.2019<\/p>\n<p><strong>Polskie Radio o nas:<\/strong><\/p>\n<p>Zapraszamy do s\u0142uchania audycji Polskiego Radia &#8220;Muzyczne Biuro Podr\u00f3\u017cy na Regatach Youtuber\u00f3w.&#8221;<\/p>\n<p><a href=\"https:\/\/www.polskieradio.pl\/10\/4614\/Artykul\/2315187,Muzyczne-Biuro-Podrozy-25-maja-godz-1804\">https:\/\/www.polskieradio.pl\/10\/4614\/Artykul\/2315187,Muzyczne-Biuro-Podrozy-25-maja-godz-1804<\/a><\/p>\n<hr \/>\n<p>11.05.2019<\/p>\n<p><strong>Uczestnicy regat 2019<\/strong><br \/>\nZapraszamy do zapoznania si\u0119 z list\u0105 uczestnik\u00f3w tegorocznych Regat. Lista dost\u0119pna tutaj:<\/p>\n<p>https:\/\/regatyyoutuberow.roza.pl\/index.php\/uczestnicy-regat-2019\/<\/p>\n<hr \/>\n<p>10.02.2019<\/p>\n<p><strong>Termin regat 2019<\/strong><br \/>\nMi\u0142o nam poinformowa\u0107, \u017ce kolejna, pi\u0105ta ju\u017c edycja Regat Youtuber\u00f3w odb\u0119dzie si\u0119 w dniach 24 &#8211; 26 maja 2019<br \/>\nSerdecznie zapraszamy! \ud83d\ude42<\/p>\n<hr \/>\n<p>15.06.2018<\/p>\n<p><strong>Relacja 4FUN.TV<\/strong><br \/>\nKto nie \u015bledzi\u0142 uwa\u017cnie 4FUN.TV mo\u017ce teraz na spokojnie obejrze\u0107 materia\u0142 przygotowany przez @Kristina Kurcheva. Relacja 4FUN zawsze na propsie!<\/p>\n<p><iframe loading=\"lazy\" style=\"border: none; overflow: hidden;\" src=\"https:\/\/www.facebook.com\/plugins\/video.php?href=https%3A%2F%2Fwww.facebook.com%2FregatyYT%2Fvideos%2F373743976478931%2F&amp;show_text=0&amp;width=560\" width=\"560\" height=\"315\" frameborder=\"0\" scrolling=\"no\" allowfullscreen=\"allowfullscreen\"><\/iframe><\/p>\n<hr \/>\n<p>26.05.2018<\/p>\n<p><strong>Oficjalne wyniki IV edycji Regat Youtuber\u00f3w o puchar R\u00f3\u017cy Wiatr\u00f3w<\/strong><br \/>\nI miejsce (Agnieszka Grzelak Smav Dominik Rupi\u0144ski Aleksandra<br \/>\nD\u0142ugo\u0142\u0119cka, Patrycja Wolff sternik Zdzis\u0142aw Smoczy\u0144ski)<\/p>\n<p>II miejsce (5 sposob\u00f3w na Kuzyn Hindus &#8211; Viren Bhandari sternik Robert<br \/>\nWolny)<\/p>\n<p>III miejsce (DeeJayPallaside Micha\u0142 Worotnicki Luure_tv Kamila<br \/>\nWorotnicka Rudy Cz\u0142owiek &#8211; Krzysztof Traczyk Sadam sternik Magdalena<br \/>\nSadowska)<\/p>\n<hr \/>\n<p>10.04.2018<br \/>\n<strong>Zapisy STOP<\/strong><br \/>\nNo i zapisy po niespe\u0142na dw\u00f3ch tygodniach dobieg\u0142y ko\u0144ca. Zainteresowanie przeros\u0142o nasze oczekiwania, na t\u0119 chwil\u0119 zape\u0142nili\u015bmy wszystkie przewidziane na jachtach miejsca. Jeste\u015bcie ciekawi, kto w tym roku przyjedzie do W\u0119gorzewa? Lista uczestnik\u00f3w ju\u017c wkr\u00f3tce!<\/p>\n<hr \/>\n<p>22.03.2018<br \/>\n<strong>W\u0142a\u015bnie wystartowa\u0142y zapisy.<\/strong><br \/>\nW\u0142a\u015bnie wystartowa\u0142y zapisy do IV edycji Regat YouTuber\u00f3w. Mamy nadziej\u0119, \u017ce frekwencja zn\u00f3w nam dopisze i na starcie zawod\u00f3w stanie wielu tw\u00f3rc\u00f3w. Pozostaje wi\u0119c pytanie, kto w tym roku wzniesie w ge\u015bcie triumfu zwyci\u0119ski puchar R\u00f3\u017cy Wiatr\u00f3w?<\/p>\n<hr \/>\n<p>14.11.2017<br \/>\n<strong>Znamy termin IV edycji regat.<\/strong><br \/>\nPostanowione. Regaty odb\u0119d\u0105 si\u0119 po raz czwarty. Termin najbli\u017cszej edycji regat to 26 maja 2018.<br \/>\nJak zauwa\u017cyli\u015bcie po raz pierwszy postanowili\u015bmy zmieni\u0107 termin z 2-go weekendu maja na nieco p\u00f3\u017aniejszy. Zesz\u0142oroczne przygody ze \u015bniegiem zbytnio nadszarpn\u0119\u0142y nasze nerwy \ud83d\ude09\u00a0 Ju\u017c teraz zapraszamy wszystkich fan\u00f3w do gor\u0105cego dopingowania tw\u00f3rc\u00f3w, kt\u00f3rzy przyjad\u0105 walczy\u0107 o mistrzowski tytu\u0142 i puchar R\u00f3\u017cy Wiatr\u00f3w.<\/p>\n<hr \/>\n<p>12.05.2017<br \/>\n<strong>Ruszamy!<\/strong><br \/>\nWi\u0119kszo\u015b\u0107 uczestnik\u00f3w dotar\u0142a. Pierwsi ju\u017c p\u0142ywaj\u0105, a wczoraj odby\u0142 si\u0119 wspania\u0142y biforek \ud83d\ude09 (\u015bled\u017acie Instagrama R\u00f3\u017cy!!)<br \/>\nJu\u017c za chwil\u0119 b\u0119dzie si\u0119 duuuu\u017co, bardzo du\u017co dzia\u0142o. Po informacje na temat przebiegu zapraszamy na stron\u0119 z relacjami!<\/p>\n<hr \/>\n<p>11.05.2017<br \/>\n<strong>Uratowani! Pogoda nam odpu\u015bci\u0142a \ud83d\ude09<\/strong><br \/>\nOkaza\u0142o si\u0119, \u017ce forma kontaktu video bardzo Wam odpowiada (no w ko\u0144cu jak gada\u0107 z YTberami jak nie przez filmy \ud83d\ude09 ) Zatem nast\u0119pny filmik. Jeszcze wczoraj byli\u015bmy <strong>przerrra\u017ceni<\/strong> bo pada\u0142&#8230; \u015bnieg! Na szcz\u0119\u015bcie &#8211; zreszt\u0105 zobaczcie sami:<\/p>\n<p><iframe loading=\"lazy\" src=\"https:\/\/www.youtube.com\/embed\/nF30MsjVA-s\" width=\"560\" height=\"315\" frameborder=\"0\" allowfullscreen=\"allowfullscreen\"><\/iframe><\/p>\n<hr \/>\n<p>02.05.2017<br \/>\n<strong>Oficjalne sk\u0142ady za\u0142\u00f3g<\/strong><br \/>\nZ poni\u017cszego filmu dowiecie si\u0119 kto z kim w jakiej za\u0142odze wystartuje w tegorocznych zmaganiach o Puchar R\u00f3\u017cy Wiatr\u00f3w.<br \/>\nZapraszamy do ogl\u0105dania<\/p>\n<p><iframe loading=\"lazy\" src=\"https:\/\/www.youtube.com\/embed\/BjdO_aAAYUA\" width=\"560\" height=\"315\" frameborder=\"0\" allowfullscreen=\"allowfullscreen\"><\/iframe><\/p>\n<hr \/>\n<\/div>\n<div class=\"_5wd9\">\n<div class=\"_5wde _n4o\">\n<div><strong><img loading=\"lazy\" decoding=\"async\" class=\"alignleft wp-image-1548\" src=\"https:\/\/regatyyoutuberow.roza.pl\/wp-content\/uploads\/2017\/02\/talty-300x225.jpg\" alt=\"\" width=\"267\" height=\"200\" srcset=\"https:\/\/regatyinfluencerow.roza.pl\/wp-content\/uploads\/2017\/02\/talty-300x225.jpg 300w, https:\/\/regatyinfluencerow.roza.pl\/wp-content\/uploads\/2017\/02\/talty-768x576.jpg 768w, https:\/\/regatyinfluencerow.roza.pl\/wp-content\/uploads\/2017\/02\/talty-195x146.jpg 195w, https:\/\/regatyinfluencerow.roza.pl\/wp-content\/uploads\/2017\/02\/talty-50x38.jpg 50w, https:\/\/regatyinfluencerow.roza.pl\/wp-content\/uploads\/2017\/02\/talty-100x75.jpg 100w, https:\/\/regatyinfluencerow.roza.pl\/wp-content\/uploads\/2017\/02\/talty.jpg 800w\" sizes=\"auto, (max-width: 267px) 100vw, 267px\" \/><\/strong><\/div>\n<div><\/div>\n<div>28.04.2017<\/div>\n<div><strong>Wielka trybuna na zawodach!<\/strong><\/div>\n<div>Nasze regaty s\u0105 nie tylko najbardziej medialnymi regatami w Polsce. W tym roku r\u00f3wnie\u017c na bie\u017c\u0105co i na \u017cywo b\u0119dzie mo\u017cna obserwowa\u0107 przebieg regat z bliska. Bardzo bliska. Podczas zawod\u00f3w statkiem Komandora Regat b\u0119dzie w tym roku jeden z najwi\u0119kszych statk\u00f3w na Mazurach &#8211; Ta\u0142ty.<br \/>\nNa pok\u0142ad zapraszamy wszystkich go\u015bci VIP a dla fan\u00f3w zorganizujemy konkurs dzi\u0119ki kt\u00f3remu ka\u017cdy b\u0119dzie m\u00f3g\u0142 wej\u015b\u0107 na pok\u0142ad i znale\u017a\u0107 si\u0119 w samym centrum wydarze\u0144 podczas zawod\u00f3w!<\/div>\n<\/div>\n<\/div>\n<\/div>\n<\/div>\n<div><\/div>\n<div><\/div>\n<div class=\"_5wd4 _1nc7 direction_ltr _2cnu\">\n<div class=\"_h8t\">\n<div class=\"_5wd9\">\n<div class=\"_5wde _n4o\">\n<div>\n<hr \/>\n<\/div>\n<div class=\"_d97\">\u00a002.04.2017<\/div>\n<div class=\"_d97\"><strong><img loading=\"lazy\" decoding=\"async\" class=\"alignleft wp-image-1304\" src=\"https:\/\/regatyyoutuberow.roza.pl\/wp-content\/uploads\/2017\/03\/5-sposobow.png\" alt=\"\" width=\"215\" height=\"215\" srcset=\"https:\/\/regatyinfluencerow.roza.pl\/wp-content\/uploads\/2017\/03\/5-sposobow.png 700w, https:\/\/regatyinfluencerow.roza.pl\/wp-content\/uploads\/2017\/03\/5-sposobow-150x150.png 150w, https:\/\/regatyinfluencerow.roza.pl\/wp-content\/uploads\/2017\/03\/5-sposobow-300x300.png 300w, https:\/\/regatyinfluencerow.roza.pl\/wp-content\/uploads\/2017\/03\/5-sposobow-146x146.png 146w, https:\/\/regatyinfluencerow.roza.pl\/wp-content\/uploads\/2017\/03\/5-sposobow-50x50.png 50w, https:\/\/regatyinfluencerow.roza.pl\/wp-content\/uploads\/2017\/03\/5-sposobow-75x75.png 75w, https:\/\/regatyinfluencerow.roza.pl\/wp-content\/uploads\/2017\/03\/5-sposobow-85x85.png 85w, https:\/\/regatyinfluencerow.roza.pl\/wp-content\/uploads\/2017\/03\/5-sposobow-80x80.png 80w\" sizes=\"auto, (max-width: 215px) 100vw, 215px\" \/><\/strong><\/div>\n<div class=\"_d97\"><\/div>\n<div class=\"_d97\"><\/div>\n<div class=\"_d97\"><\/div>\n<div class=\"_d97\"><strong>5 Sposob\u00f3w na&#8230; zwyci\u0119stwo?<\/strong><\/div>\n<div class=\"_d97\">Bardzo nam mi\u0142o og\u0142osi\u0107, \u017ce kolejn\u0105 za\u0142og\u0119 na regatach b\u0119dzie stanowi\u0142 kana\u0142 5 sposob\u00f3w na. Kana\u0142 wr\u0119cz stworzony do tych zawod\u00f3w, poniewa\u017c ch\u0142opaki maj\u0105 gotow\u0105 5 osobow\u0105 za\u0142og\u0119!<\/div>\n<\/div>\n<\/div>\n<\/div>\n<\/div>\n<div class=\"_d97\">.<\/div>\n<div class=\"_d97\"><\/div>\n<div class=\"_d97\"><\/div>\n<div class=\"_5wd4 _1nc7 direction_ltr _2cnu\">\n<div class=\"_h8t\">\n<div class=\"_5wd9\">\n<div class=\"_5wde _n4o\">\n<div class=\"_d97\"><\/div>\n<div class=\"_d97\">\n<hr \/>\n<\/div>\n<div class=\"_d97\">30.03.2017<\/div>\n<div class=\"_d97\"><strong>Lista uczestnik\u00f3w cd<\/strong><\/div>\n<div class=\"_d97\">I jak pisali\u015bmy tak si\u0119 sta\u0142o. Ju\u017c s\u0105 kolejne poprawki do listy uczestnik\u00f3w. Nikt nie odpad\u0142. Dopisali si\u0119:<br \/>\nSadam<br \/>\nRudy Cz\u0142owiek<br \/>\nCz\u0142owiek Warga<\/div>\n<div class=\"_d97\">\n<hr \/>\n<\/div>\n<div class=\"_d97\">24.03.2017<\/div>\n<\/div>\n<div class=\"_d97\"><strong>Lista uczestnik\u00f3w<\/strong><\/div>\n<div class=\"_d97\">Dzisiaj Bartek Milewski opublikowa film z list\u0105 uczestnik\u00f3w. By\u0107 mo\u017ce nast\u0105pi\u0105 jeszcze jakie\u015b (niewielkie) zmiany, ale lista jest ju\u017c oficjalna i znajduj\u0105 si\u0119 na niej kana\u0142y, kt\u00f3re przys\u0142a\u0142y zg\u0142oszenie na regaty.<\/div>\n<\/div>\n<\/div>\n<\/div>\n<div class=\"_d97\"><\/div>\n<div class=\"_5wd4 _1nc7 direction_ltr _2cnu\">\n<div class=\"_h8t\">\n<div class=\"_5wd9\">\n<div class=\"_d97\">\n<hr \/>\n<\/div>\n<div class=\"_d97\">20.03.2017<\/div>\n<div class=\"_d97\"><img loading=\"lazy\" decoding=\"async\" class=\"alignleft wp-image-1319\" src=\"https:\/\/regatyyoutuberow.roza.pl\/wp-content\/uploads\/2017\/04\/image_gallery.jpg\" alt=\"\" width=\"215\" height=\"82\" srcset=\"https:\/\/regatyinfluencerow.roza.pl\/wp-content\/uploads\/2017\/04\/image_gallery.jpg 556w, https:\/\/regatyinfluencerow.roza.pl\/wp-content\/uploads\/2017\/04\/image_gallery-300x114.jpg 300w, https:\/\/regatyinfluencerow.roza.pl\/wp-content\/uploads\/2017\/04\/image_gallery-260x99.jpg 260w, https:\/\/regatyinfluencerow.roza.pl\/wp-content\/uploads\/2017\/04\/image_gallery-50x19.jpg 50w, https:\/\/regatyinfluencerow.roza.pl\/wp-content\/uploads\/2017\/04\/image_gallery-150x57.jpg 150w\" sizes=\"auto, (max-width: 215px) 100vw, 215px\" \/><\/div>\n<\/div>\n<\/div>\n<\/div>\n<div class=\"_d97\"><strong>Santander w\u015br\u00f3d partner\u00f3w regat<\/strong><br \/>\nDo grona partner\u00f3w, dzi\u0119ki kt\u00f3rym mo\u017cliwa jest organizacja regat do\u0142\u0105czy\u0142 Santander!<br \/>\nJest nam bardzo mi\u0142o powita\u0107 w gronie! \ud83d\ude42<\/div>\n<div class=\"_d97\"><\/div>\n<div class=\"_d97\"><\/div>\n<div class=\"_d97\"><\/div>\n<div class=\"_d97\">\n<hr \/>\n<\/div>\n<div class=\"_d97\"><\/div>\n<div class=\"_5wd4 _1nc7 direction_ltr _2cnu\">\n<div class=\"_h8t\">\n<div class=\"_5wd9\">\n<div class=\"_d97\">12.03.2017<\/div>\n<div class=\"_d97\"><img loading=\"lazy\" decoding=\"async\" class=\"alignleft wp-image-1333\" src=\"https:\/\/regatyyoutuberow.roza.pl\/wp-content\/uploads\/2017\/02\/regatyytfp.jpg\" alt=\"\" width=\"215\" height=\"116\" srcset=\"https:\/\/regatyinfluencerow.roza.pl\/wp-content\/uploads\/2017\/02\/regatyytfp.jpg 787w, https:\/\/regatyinfluencerow.roza.pl\/wp-content\/uploads\/2017\/02\/regatyytfp-300x161.jpg 300w, https:\/\/regatyinfluencerow.roza.pl\/wp-content\/uploads\/2017\/02\/regatyytfp-768x413.jpg 768w, https:\/\/regatyinfluencerow.roza.pl\/wp-content\/uploads\/2017\/02\/regatyytfp-260x140.jpg 260w, https:\/\/regatyinfluencerow.roza.pl\/wp-content\/uploads\/2017\/02\/regatyytfp-50x27.jpg 50w, https:\/\/regatyinfluencerow.roza.pl\/wp-content\/uploads\/2017\/02\/regatyytfp-140x75.jpg 140w\" sizes=\"auto, (max-width: 215px) 100vw, 215px\" \/>Fanpage regat na Facebooku<\/div>\n<div class=\"_d97\">W\u0142a\u015bnie pojawi\u0142 si\u0119 na Facebooku oficjalny profil \u017beglarskich Mistrzostw Polski Youtuber\u00f3w o puchar R\u00f3\u017cy Wiatr\u00f3w &#8211; czyli popularnie Regat Youtuber\u00f3w.<br \/>\nSerdecznie zapraszamy do lajkowania i aktywnego komentowania post\u00f3w.<br \/>\nStron\u0119 znajdziecie pod adresem:\u00a0<a href=\"https:\/\/web.facebook.com\/regatyYT\/\">facebook.com\/regatyYT\/<\/a><\/div>\n<div class=\"_d97\"><\/div>\n<div class=\"_d97\"><\/div>\n<div class=\"_d97\"><\/div>\n<div class=\"_5wde _n4o\">\n<div class=\"_d97\">\n<hr \/>\n<\/div>\n<div class=\"_d97\">03.03.2017<\/div>\n<div class=\"_d97\"><strong><img loading=\"lazy\" decoding=\"async\" class=\"alignleft wp-image-1158 size-full\" src=\"https:\/\/regatyyoutuberow.roza.pl\/wp-content\/uploads\/2017\/02\/rojo.jpg\" width=\"215\" height=\"150\" srcset=\"https:\/\/regatyinfluencerow.roza.pl\/wp-content\/uploads\/2017\/02\/rojo.jpg 215w, https:\/\/regatyinfluencerow.roza.pl\/wp-content\/uploads\/2017\/02\/rojo-209x146.jpg 209w, https:\/\/regatyinfluencerow.roza.pl\/wp-content\/uploads\/2017\/02\/rojo-50x35.jpg 50w, https:\/\/regatyinfluencerow.roza.pl\/wp-content\/uploads\/2017\/02\/rojo-108x75.jpg 108w\" sizes=\"auto, (max-width: 215px) 100vw, 215px\" \/>Rojo z numerem startowym nr 1!<\/strong><\/div>\n<div class=\"_d97\">Dzisiaj wys\u0142ali\u015bmydo YouTuber\u00f3w oficjalne zaproszenia do udzia\u0142u w III \u017beglarskich Mistrzostwach Polski.<br \/>\nKu naszej wielkiej rado\u015bci jako pierwszy przys\u0142a\u0142 zg\u0142oszenie Patryk &#8211; ROJO &#8211; Rojewski otwieraj\u0105c w ten spos\u00f3b stawk\u0119 zawodnik\u00f3w bior\u0105cych udzia\u0142 w mistrzostwach.<br \/>\nZa\u0142og\u0119 Roja oczywi\u015bcie wesprze Perla. Mamy nadziej\u0119, \u017ce do\u0142\u0105czy do niego r\u00f3wnie\u017c Izak z Paulink\u0105. Trzymamy kciuki i \u017cyczymy aby Easy Peasy w tym roku stan\u0119li na podium na najwy\u017cszym stopniu! W zesz\u0142ym roku walka by\u0142a na prawd\u0119 bardzo zaci\u0119ta i wyr\u00f3wnana a zapewne i w tym Szwagry nie odpuszcz\u0105!<\/div>\n<\/div>\n<div class=\"_d97\">Czekamy na kolejne zg\u0142oszenia. Kto nie widzia\u0142 zaproszenia mo\u017ce je obejrze\u0107 tutaj:<\/div>\n<div class=\"_d97\"><\/div>\n<div class=\"_d97\" style=\"text-align: center;\">\n<hr \/>\n<\/div>\n<div class=\"_5wde _n4o\">\n<div class=\"_d97\">02.03.2017<\/div>\n<div class=\"_d97\"><strong><img loading=\"lazy\" decoding=\"async\" class=\"size-full wp-image-1140 alignleft\" src=\"https:\/\/regatyyoutuberow.roza.pl\/wp-content\/uploads\/2017\/02\/media.jpg\" alt=\"\" width=\"215\" height=\"150\" srcset=\"https:\/\/regatyinfluencerow.roza.pl\/wp-content\/uploads\/2017\/02\/media.jpg 215w, https:\/\/regatyinfluencerow.roza.pl\/wp-content\/uploads\/2017\/02\/media-209x146.jpg 209w, https:\/\/regatyinfluencerow.roza.pl\/wp-content\/uploads\/2017\/02\/media-50x35.jpg 50w, https:\/\/regatyinfluencerow.roza.pl\/wp-content\/uploads\/2017\/02\/media-108x75.jpg 108w\" sizes=\"auto, (max-width: 215px) 100vw, 215px\" \/>Media na imprezie<\/strong><\/div>\n<div class=\"_d97\">Do tej pory udzia\u0142 w imprezie potwierdzi\u0142y nast\u0119puj\u0105ce media:<\/div>\n<div class=\"_d97\">4 Fun TV<br \/>\nPolskie Radio<\/div>\n<div class=\"_d97\">Sailing.org.pl<\/div>\n<div class=\"_d97\">Apy News<\/div>\n<div class=\"_d97\">Tube News \u00a0a z\u00a0kilkoma kolejnymi prowadzimy rozmowy.<\/div>\n<div class=\"_d97\">\n<hr \/>\n<\/div>\n<div class=\"_d97\"><\/div>\n<div class=\"_d97\">18.02.2017<\/div>\n<div class=\"_d97\"><\/div>\n<\/div>\n<div class=\"_d97\"><strong><img loading=\"lazy\" decoding=\"async\" class=\"alignleft wp-image-1136 size-full\" src=\"https:\/\/regatyyoutuberow.roza.pl\/wp-content\/uploads\/2017\/02\/leon.jpg\" width=\"215\" height=\"150\" srcset=\"https:\/\/regatyinfluencerow.roza.pl\/wp-content\/uploads\/2017\/02\/leon.jpg 215w, https:\/\/regatyinfluencerow.roza.pl\/wp-content\/uploads\/2017\/02\/leon-209x146.jpg 209w, https:\/\/regatyinfluencerow.roza.pl\/wp-content\/uploads\/2017\/02\/leon-50x35.jpg 50w, https:\/\/regatyinfluencerow.roza.pl\/wp-content\/uploads\/2017\/02\/leon-108x75.jpg 108w\" sizes=\"auto, (max-width: 215px) 100vw, 215px\" \/>Ko\u017ami\u0144ski po raz trzeci z nami!<\/strong><\/div>\n<\/div>\n<div class=\"_d97\">W kolejnej &#8211; trzeciej ju\u017c edycji &#8211; nie zabraknie naszego sprawdzonego od samego pocz\u0105tku sponsora regat &#8211; Akademii Leona Ko\u017ami\u0144skiego.<br \/>\nSzczeg\u00f3lnie dobr\u0105 informacj\u0105 jest, \u017ce ekipa Ko\u017ami\u0144skiego b\u0119dzie w sta\u0142ym, sprawdzonym sk\u0142adzie.<\/div>\n<div class=\"_d97\">Ucieszy to z pewno\u015bci\u0105 dotychczasowych uczestnik\u00f3w, poniewa\u017c Daria, Sosna i Urban.<br \/>\nTo nie tylko doskonali profesjonali\u015bci, ale r\u00f3wnie\u017c \u015bwietna ekipa do wsp\u00f3lnej zabawy!<\/div>\n<div class=\"_d97\">\n<p>Ju\u017c nie mo\u017cemy si\u0119 doczeka\u0107 kolejnego spotkania na szlaku!<\/p>\n<\/div>\n<div class=\"_d97\"><\/div>\n<div class=\"_d97\">\n<hr \/>\n<\/div>\n<div class=\"_5wd9\">\n<div class=\"_5wde _n4o\">\n<div class=\"_5w1r _3_om _5wdf\">\n<div class=\"_4gx_\">\n<div class=\"_d97\">03.01.2017<\/div>\n<div class=\"_d97\"><\/div>\n<div class=\"_d97\"><strong><img loading=\"lazy\" decoding=\"async\" class=\"alignleft wp-image-1137 size-full\" src=\"https:\/\/regatyyoutuberow.roza.pl\/wp-content\/uploads\/2017\/02\/szwagry.jpg\" width=\"215\" height=\"150\" srcset=\"https:\/\/regatyinfluencerow.roza.pl\/wp-content\/uploads\/2017\/02\/szwagry.jpg 215w, https:\/\/regatyinfluencerow.roza.pl\/wp-content\/uploads\/2017\/02\/szwagry-209x146.jpg 209w, https:\/\/regatyinfluencerow.roza.pl\/wp-content\/uploads\/2017\/02\/szwagry-50x35.jpg 50w, https:\/\/regatyinfluencerow.roza.pl\/wp-content\/uploads\/2017\/02\/szwagry-108x75.jpg 108w\" sizes=\"auto, (max-width: 215px) 100vw, 215px\" \/>\u015amiechawa TV nie odpu\u015bci!<\/strong><\/div>\n<div class=\"_d97\">Wg ca\u0142kiem oficjalnych informacji (\u017ar\u00f3d\u0142o &#8211; Szwagier) \u015amiechawa TV potwierdza sw\u00f3j udzia\u0142 w tegorocznych regatach.<\/div>\n<div class=\"_d97\">Jeszcze nie znamy ostatecznego sk\u0142adu, ale ich za\u0142oga z ca\u0142\u0105 pewno\u015bci\u0105 stawi si\u0119 na starcie regat aby broni\u0107 tytu\u0142u!<\/div>\n<div class=\"_d97\">Niebawem postaramy si\u0119 zdradzi\u0107 jakie tajemnice kryj\u0105 si\u0119 za zwyci\u0119stwem tej za\u0142ogi!<\/div>\n<div class=\"_d97\">Obserwujcie nasz\u0105 stron\u0119!<\/div>\n<div class=\"_d97\">.<\/div>\n<div class=\"_d97\"><\/div>\n<\/div>\n<\/div>\n<\/div>\n<\/div>\n<div class=\"_5wd9\">\n<div class=\"_5wde _n4o\">\n<div class=\"_5w1r _3_om _5wdf\">\n<div class=\"_4gx_\">\n<div class=\"_d97\">\n<hr \/>\n<\/div>\n<div class=\"_d97\">\n<p>01.10.2016<\/p>\n<\/div>\n<div class=\"_d97\"><strong><img loading=\"lazy\" decoding=\"async\" class=\"alignleft wp-image-1138 size-full\" src=\"https:\/\/regatyyoutuberow.roza.pl\/wp-content\/uploads\/2017\/02\/termin.jpg\" width=\"215\" height=\"150\" srcset=\"https:\/\/regatyinfluencerow.roza.pl\/wp-content\/uploads\/2017\/02\/termin.jpg 215w, https:\/\/regatyinfluencerow.roza.pl\/wp-content\/uploads\/2017\/02\/termin-209x146.jpg 209w, https:\/\/regatyinfluencerow.roza.pl\/wp-content\/uploads\/2017\/02\/termin-50x35.jpg 50w, https:\/\/regatyinfluencerow.roza.pl\/wp-content\/uploads\/2017\/02\/termin-108x75.jpg 108w\" sizes=\"auto, (max-width: 215px) 100vw, 215px\" \/>Data regat ustalona.<\/strong><\/div>\n<div class=\"_d97\">Po kr\u00f3tkiej i niezbyt intensywnej pracy nad kalendarzem data kolejnych regat ju\u017c jest! \ud83d\ude42<br \/>\nCho\u0107 ta data mo\u017ce si\u0119 niekt\u00f3rym wydawa\u0107 lekko niepokoj\u0105ca kolejne Regaty Youtuber\u00f3w odb\u0119d\u0105 si\u0119 13-go maja 2017 roku.<br \/>\nJu\u017c dzi\u015b wszystkich serdecznie zapraszamy!<\/div>\n<div class=\"_d97\"><\/div>\n<\/div>\n<\/div>\n<\/div>\n<\/div>\n<\/div>\n<\/div>\n<div class=\"_5wd4 _1nc7 direction_ltr\"><\/div>\n<div class=\"_5wd4 _1nc7 direction_ltr\"><\/div>\n<div class=\"_5wd4 _1nc7 direction_ltr\"><\/div>\n","protected":false},"excerpt":{"rendered":"<p>\u00a004.0402024 Influencerzy zapraszaj\u0105 Influencer\u00f3w na regaty dla Influencer\u00f3w ;)! Niezwykle sympatyczne zaproszenia od znanych i lubianych tw\u00f3rc\u00f3w: Micha z Mi\u0142o\u015bnik\u00f3w Czterech K\u00f3\u0142ek, Dee Jay Pallaside&#8217;a i<span class=\"excerpt-hellip\"> [\u2026]<\/span><\/p>\n","protected":false},"author":2,"featured_media":0,"parent":0,"menu_order":0,"comment_status":"closed","ping_status":"closed","template":"","meta":{"_acf_changed":false,"footnotes":""},"class_list":["post-1082","page","type-page","status-publish","hentry"],"acf":[],"yoast_head":"<!-- This site is optimized with the Yoast SEO plugin v27.5 - https:\/\/yoast.com\/product\/yoast-seo-wordpress\/ -->\n<title>Aktualno\u015bci - Regaty Influencer\u00f3w<\/title>\n<meta name=\"robots\" content=\"index, follow, max-snippet:-1, max-image-preview:large, max-video-preview:-1\" \/>\n<link rel=\"canonical\" href=\"https:\/\/regatyinfluencerow.roza.pl\/index.php\/aktualnosci\/\" \/>\n<meta property=\"og:locale\" content=\"pl_PL\" \/>\n<meta property=\"og:type\" content=\"article\" \/>\n<meta property=\"og:title\" content=\"Aktualno\u015bci - Regaty Influencer\u00f3w\" \/>\n<meta property=\"og:description\" content=\"\u00a004.0402024 Influencerzy zapraszaj\u0105 Influencer\u00f3w na regaty dla Influencer\u00f3w ;)! Niezwykle sympatyczne zaproszenia od znanych i lubianych tw\u00f3rc\u00f3w: Micha z Mi\u0142o\u015bnik\u00f3w Czterech K\u00f3\u0142ek, Dee Jay Pallaside&#8217;a i [\u2026]\" \/>\n<meta property=\"og:url\" content=\"https:\/\/regatyinfluencerow.roza.pl\/index.php\/aktualnosci\/\" \/>\n<meta property=\"og:site_name\" content=\"Regaty Influencer\u00f3w\" \/>\n<meta property=\"article:modified_time\" content=\"2024-04-04T15:17:03+00:00\" \/>\n<meta property=\"og:image\" content=\"https:\/\/regatyinfluencerow.roza.pl\/wp-content\/uploads\/2024\/03\/35ad95dc-78d8-414e-8598-324973f741fb-2-300x213.jpg\" \/>\n<meta name=\"twitter:card\" content=\"summary_large_image\" \/>\n<meta name=\"twitter:label1\" content=\"Szacowany czas czytania\" \/>\n\t<meta name=\"twitter:data1\" content=\"14 minut\" \/>\n<script type=\"application\/ld+json\" class=\"yoast-schema-graph\">{\"@context\":\"https:\\\/\\\/schema.org\",\"@graph\":[{\"@type\":\"WebPage\",\"@id\":\"https:\\\/\\\/regatyinfluencerow.roza.pl\\\/index.php\\\/aktualnosci\\\/\",\"url\":\"https:\\\/\\\/regatyinfluencerow.roza.pl\\\/index.php\\\/aktualnosci\\\/\",\"name\":\"Aktualno\u015bci - Regaty Influencer\u00f3w\",\"isPartOf\":{\"@id\":\"https:\\\/\\\/regatyinfluencerow.roza.pl\\\/#website\"},\"primaryImageOfPage\":{\"@id\":\"https:\\\/\\\/regatyinfluencerow.roza.pl\\\/index.php\\\/aktualnosci\\\/#primaryimage\"},\"image\":{\"@id\":\"https:\\\/\\\/regatyinfluencerow.roza.pl\\\/index.php\\\/aktualnosci\\\/#primaryimage\"},\"thumbnailUrl\":\"https:\\\/\\\/regatyinfluencerow.roza.pl\\\/wp-content\\\/uploads\\\/2024\\\/03\\\/35ad95dc-78d8-414e-8598-324973f741fb-2-300x213.jpg\",\"datePublished\":\"2017-02-21T15:56:45+00:00\",\"dateModified\":\"2024-04-04T15:17:03+00:00\",\"breadcrumb\":{\"@id\":\"https:\\\/\\\/regatyinfluencerow.roza.pl\\\/index.php\\\/aktualnosci\\\/#breadcrumb\"},\"inLanguage\":\"pl-PL\",\"potentialAction\":[{\"@type\":\"ReadAction\",\"target\":[\"https:\\\/\\\/regatyinfluencerow.roza.pl\\\/index.php\\\/aktualnosci\\\/\"]}]},{\"@type\":\"ImageObject\",\"inLanguage\":\"pl-PL\",\"@id\":\"https:\\\/\\\/regatyinfluencerow.roza.pl\\\/index.php\\\/aktualnosci\\\/#primaryimage\",\"url\":\"https:\\\/\\\/regatyinfluencerow.roza.pl\\\/wp-content\\\/uploads\\\/2024\\\/03\\\/35ad95dc-78d8-414e-8598-324973f741fb-2.jpg\",\"contentUrl\":\"https:\\\/\\\/regatyinfluencerow.roza.pl\\\/wp-content\\\/uploads\\\/2024\\\/03\\\/35ad95dc-78d8-414e-8598-324973f741fb-2.jpg\",\"width\":1748,\"height\":1240},{\"@type\":\"BreadcrumbList\",\"@id\":\"https:\\\/\\\/regatyinfluencerow.roza.pl\\\/index.php\\\/aktualnosci\\\/#breadcrumb\",\"itemListElement\":[{\"@type\":\"ListItem\",\"position\":1,\"name\":\"Strona g\u0142\u00f3wna\",\"item\":\"https:\\\/\\\/regatyinfluencerow.roza.pl\\\/\"},{\"@type\":\"ListItem\",\"position\":2,\"name\":\"Aktualno\u015bci\"}]},{\"@type\":\"WebSite\",\"@id\":\"https:\\\/\\\/regatyinfluencerow.roza.pl\\\/#website\",\"url\":\"https:\\\/\\\/regatyinfluencerow.roza.pl\\\/\",\"name\":\"Regaty Influencer\u00f3w\",\"description\":\"o puchar R\u00f3\u017cy Wiatr\u00f3w\",\"publisher\":{\"@id\":\"https:\\\/\\\/regatyinfluencerow.roza.pl\\\/#organization\"},\"potentialAction\":[{\"@type\":\"SearchAction\",\"target\":{\"@type\":\"EntryPoint\",\"urlTemplate\":\"https:\\\/\\\/regatyinfluencerow.roza.pl\\\/?s={search_term_string}\"},\"query-input\":{\"@type\":\"PropertyValueSpecification\",\"valueRequired\":true,\"valueName\":\"search_term_string\"}}],\"inLanguage\":\"pl-PL\"},{\"@type\":\"Organization\",\"@id\":\"https:\\\/\\\/regatyinfluencerow.roza.pl\\\/#organization\",\"name\":\"Regaty Influencer\u00f3w\",\"url\":\"https:\\\/\\\/regatyinfluencerow.roza.pl\\\/\",\"logo\":{\"@type\":\"ImageObject\",\"inLanguage\":\"pl-PL\",\"@id\":\"https:\\\/\\\/regatyinfluencerow.roza.pl\\\/#\\\/schema\\\/logo\\\/image\\\/\",\"url\":\"https:\\\/\\\/regatyinfluencerow.roza.pl\\\/wp-content\\\/uploads\\\/2016\\\/04\\\/logoyotubesail-1024x934.png\",\"contentUrl\":\"https:\\\/\\\/regatyinfluencerow.roza.pl\\\/wp-content\\\/uploads\\\/2016\\\/04\\\/logoyotubesail-1024x934.png\",\"width\":1024,\"height\":934,\"caption\":\"Regaty Influencer\u00f3w\"},\"image\":{\"@id\":\"https:\\\/\\\/regatyinfluencerow.roza.pl\\\/#\\\/schema\\\/logo\\\/image\\\/\"}}]}<\/script>\n<!-- \/ Yoast SEO plugin. -->","yoast_head_json":{"title":"Aktualno\u015bci - Regaty Influencer\u00f3w","robots":{"index":"index","follow":"follow","max-snippet":"max-snippet:-1","max-image-preview":"max-image-preview:large","max-video-preview":"max-video-preview:-1"},"canonical":"https:\/\/regatyinfluencerow.roza.pl\/index.php\/aktualnosci\/","og_locale":"pl_PL","og_type":"article","og_title":"Aktualno\u015bci - Regaty Influencer\u00f3w","og_description":"\u00a004.0402024 Influencerzy zapraszaj\u0105 Influencer\u00f3w na regaty dla Influencer\u00f3w ;)! Niezwykle sympatyczne zaproszenia od znanych i lubianych tw\u00f3rc\u00f3w: Micha z Mi\u0142o\u015bnik\u00f3w Czterech K\u00f3\u0142ek, Dee Jay Pallaside&#8217;a i [\u2026]","og_url":"https:\/\/regatyinfluencerow.roza.pl\/index.php\/aktualnosci\/","og_site_name":"Regaty Influencer\u00f3w","article_modified_time":"2024-04-04T15:17:03+00:00","og_image":[{"url":"https:\/\/regatyinfluencerow.roza.pl\/wp-content\/uploads\/2024\/03\/35ad95dc-78d8-414e-8598-324973f741fb-2-300x213.jpg","type":"","width":"","height":""}],"twitter_card":"summary_large_image","twitter_misc":{"Szacowany czas czytania":"14 minut"},"schema":{"@context":"https:\/\/schema.org","@graph":[{"@type":"WebPage","@id":"https:\/\/regatyinfluencerow.roza.pl\/index.php\/aktualnosci\/","url":"https:\/\/regatyinfluencerow.roza.pl\/index.php\/aktualnosci\/","name":"Aktualno\u015bci - Regaty Influencer\u00f3w","isPartOf":{"@id":"https:\/\/regatyinfluencerow.roza.pl\/#website"},"primaryImageOfPage":{"@id":"https:\/\/regatyinfluencerow.roza.pl\/index.php\/aktualnosci\/#primaryimage"},"image":{"@id":"https:\/\/regatyinfluencerow.roza.pl\/index.php\/aktualnosci\/#primaryimage"},"thumbnailUrl":"https:\/\/regatyinfluencerow.roza.pl\/wp-content\/uploads\/2024\/03\/35ad95dc-78d8-414e-8598-324973f741fb-2-300x213.jpg","datePublished":"2017-02-21T15:56:45+00:00","dateModified":"2024-04-04T15:17:03+00:00","breadcrumb":{"@id":"https:\/\/regatyinfluencerow.roza.pl\/index.php\/aktualnosci\/#breadcrumb"},"inLanguage":"pl-PL","potentialAction":[{"@type":"ReadAction","target":["https:\/\/regatyinfluencerow.roza.pl\/index.php\/aktualnosci\/"]}]},{"@type":"ImageObject","inLanguage":"pl-PL","@id":"https:\/\/regatyinfluencerow.roza.pl\/index.php\/aktualnosci\/#primaryimage","url":"https:\/\/regatyinfluencerow.roza.pl\/wp-content\/uploads\/2024\/03\/35ad95dc-78d8-414e-8598-324973f741fb-2.jpg","contentUrl":"https:\/\/regatyinfluencerow.roza.pl\/wp-content\/uploads\/2024\/03\/35ad95dc-78d8-414e-8598-324973f741fb-2.jpg","width":1748,"height":1240},{"@type":"BreadcrumbList","@id":"https:\/\/regatyinfluencerow.roza.pl\/index.php\/aktualnosci\/#breadcrumb","itemListElement":[{"@type":"ListItem","position":1,"name":"Strona g\u0142\u00f3wna","item":"https:\/\/regatyinfluencerow.roza.pl\/"},{"@type":"ListItem","position":2,"name":"Aktualno\u015bci"}]},{"@type":"WebSite","@id":"https:\/\/regatyinfluencerow.roza.pl\/#website","url":"https:\/\/regatyinfluencerow.roza.pl\/","name":"Regaty Influencer\u00f3w","description":"o puchar R\u00f3\u017cy Wiatr\u00f3w","publisher":{"@id":"https:\/\/regatyinfluencerow.roza.pl\/#organization"},"potentialAction":[{"@type":"SearchAction","target":{"@type":"EntryPoint","urlTemplate":"https:\/\/regatyinfluencerow.roza.pl\/?s={search_term_string}"},"query-input":{"@type":"PropertyValueSpecification","valueRequired":true,"valueName":"search_term_string"}}],"inLanguage":"pl-PL"},{"@type":"Organization","@id":"https:\/\/regatyinfluencerow.roza.pl\/#organization","name":"Regaty Influencer\u00f3w","url":"https:\/\/regatyinfluencerow.roza.pl\/","logo":{"@type":"ImageObject","inLanguage":"pl-PL","@id":"https:\/\/regatyinfluencerow.roza.pl\/#\/schema\/logo\/image\/","url":"https:\/\/regatyinfluencerow.roza.pl\/wp-content\/uploads\/2016\/04\/logoyotubesail-1024x934.png","contentUrl":"https:\/\/regatyinfluencerow.roza.pl\/wp-content\/uploads\/2016\/04\/logoyotubesail-1024x934.png","width":1024,"height":934,"caption":"Regaty Influencer\u00f3w"},"image":{"@id":"https:\/\/regatyinfluencerow.roza.pl\/#\/schema\/logo\/image\/"}}]}},"_links":{"self":[{"href":"https:\/\/regatyinfluencerow.roza.pl\/index.php\/wp-json\/wp\/v2\/pages\/1082","targetHints":{"allow":["GET"]}}],"collection":[{"href":"https:\/\/regatyinfluencerow.roza.pl\/index.php\/wp-json\/wp\/v2\/pages"}],"about":[{"href":"https:\/\/regatyinfluencerow.roza.pl\/index.php\/wp-json\/wp\/v2\/types\/page"}],"author":[{"embeddable":true,"href":"https:\/\/regatyinfluencerow.roza.pl\/index.php\/wp-json\/wp\/v2\/users\/2"}],"replies":[{"embeddable":true,"href":"https:\/\/regatyinfluencerow.roza.pl\/index.php\/wp-json\/wp\/v2\/comments?post=1082"}],"version-history":[{"count":46,"href":"https:\/\/regatyinfluencerow.roza.pl\/index.php\/wp-json\/wp\/v2\/pages\/1082\/revisions"}],"predecessor-version":[{"id":3723,"href":"https:\/\/regatyinfluencerow.roza.pl\/index.php\/wp-json\/wp\/v2\/pages\/1082\/revisions\/3723"}],"wp:attachment":[{"href":"https:\/\/regatyinfluencerow.roza.pl\/index.php\/wp-json\/wp\/v2\/media?parent=1082"}],"curies":[{"name":"wp","href":"https:\/\/api.w.org\/{rel}","templated":true}]}}